{"id":1577,"date":"2020-10-15T09:03:33","date_gmt":"2020-10-15T09:03:33","guid":{"rendered":"https:\/\/www.julcarherrajes.com\/?page_id=1577"},"modified":"2020-10-19T09:41:16","modified_gmt":"2020-10-19T09:41:16","slug":"politique-de-confidentialite","status":"publish","type":"page","link":"https:\/\/www.julcarherrajes.com\/fr\/politique-de-confidentialite\/","title":{"rendered":"Politique de confidentialit\u00e9"},"content":{"rendered":"\t\t<div data-elementor-type=\"wp-page\" data-elementor-id=\"1577\" class=\"elementor elementor-1577 elementor-969\">\n\t\t\t\t\t\t<section class=\"elementor-section elementor-top-section elementor-element elementor-element-924ae2c elementor-section-full_width elementor-section-height-min-height elementor-section-height-default elementor-section-items-middle\" data-id=\"924ae2c\" data-element_type=\"section\" data-e-type=\"section\" data-settings=\"{&quot;background_background&quot;:&quot;classic&quot;}\">\n\t\t\t\t\t\t<div class=\"elementor-container elementor-column-gap-default\">\n\t\t\t\t\t<div class=\"elementor-column elementor-col-100 elementor-top-column elementor-element elementor-element-341e387\" data-id=\"341e387\" data-element_type=\"column\" data-e-type=\"column\">\n\t\t\t<div class=\"elementor-widget-wrap elementor-element-populated\">\n\t\t\t\t\t\t<div class=\"elementor-element elementor-element-7941b1b elementor-widget elementor-widget-heading\" data-id=\"7941b1b\" data-element_type=\"widget\" data-e-type=\"widget\" data-widget_type=\"heading.default\">\n\t\t\t\t<div class=\"elementor-widget-container\">\n\t\t\t\t\t<h1 class=\"elementor-heading-title elementor-size-default\">POLITIQUE DE CONFIDENTIALIT\u00c9<\/h1>\t\t\t\t<\/div>\n\t\t\t\t<\/div>\n\t\t\t\t\t<\/div>\n\t\t<\/div>\n\t\t\t\t\t<\/div>\n\t\t<\/section>\n\t\t\t\t<section class=\"elementor-section elementor-top-section elementor-element elementor-element-c964cb5 elementor-section-boxed elementor-section-height-default elementor-section-height-default\" data-id=\"c964cb5\" data-element_type=\"section\" data-e-type=\"section\">\n\t\t\t\t\t\t<div class=\"elementor-container elementor-column-gap-default\">\n\t\t\t\t\t<div class=\"elementor-column elementor-col-100 elementor-top-column elementor-element elementor-element-1f55953\" data-id=\"1f55953\" data-element_type=\"column\" data-e-type=\"column\">\n\t\t\t<div class=\"elementor-widget-wrap elementor-element-populated\">\n\t\t\t\t\t\t<div class=\"elementor-element elementor-element-76d2a93 elementor-widget elementor-widget-text-editor\" data-id=\"76d2a93\" data-element_type=\"widget\" data-e-type=\"widget\" data-widget_type=\"text-editor.default\">\n\t\t\t\t<div class=\"elementor-widget-container\">\n\t\t\t\t\t\t\t\t\t<p><strong>Donn\u00e9es du responsable du traitement<\/strong><br \/>Nom de l&rsquo;entreprise : FUNDICIONES JULCAR, S.L.<br \/>CIF : B09313578<br \/>Adresse : Calle Valle de Mena 21 09001 BURGOS<br \/>T\u00e9l\u00e9phone : 947 29 80 87<br \/>Email de notre coordinateur de la protection des donn\u00e9es : herrajes@julcar.com<br \/>strong>1. 1 R\u00e9glementations applicables<\/strong><br \/>Notre politique de confidentialit\u00e9 a \u00e9t\u00e9 con\u00e7ue conform\u00e9ment au R\u00e8glement g\u00e9n\u00e9ral sur la protection des donn\u00e9es de l&rsquo;UE 2016\/679 du Parlement europ\u00e9en et du Conseil du 27 avril 2016, sur la protection des personnes physiques \u00e0 l&rsquo;\u00e9gard du traitement des donn\u00e9es \u00e0 caract\u00e8re personnel et sur la libre circulation de ces donn\u00e9es et abrogeant la directive 95\/46\/CE (r\u00e8glement g\u00e9n\u00e9ral sur la protection des donn\u00e9es), et dans la mesure o\u00f9 elle ne contredit pas ledit r\u00e8glement, par les dispositions de la loi organique 15\/1999, du 13 d\u00e9cembre, sur la protection des donn\u00e9es \u00e0 caract\u00e8re personnel et ses r\u00e8glements d&rsquo;application. <br \/>En nous fournissant vos donn\u00e9es, vous d\u00e9clarez avoir lu et compris la pr\u00e9sente politique de confidentialit\u00e9, en donnant votre consentement explicite et sans \u00e9quivoque au traitement de vos donn\u00e9es personnelles conform\u00e9ment aux objectifs et aux termes exprim\u00e9s ici.<br \/>La soci\u00e9t\u00e9 peut modifier la pr\u00e9sente politique de confidentialit\u00e9 pour l&rsquo;adapter \u00e0 la nouvelle l\u00e9gislation, \u00e0 la jurisprudence ou \u00e0 l&rsquo;interpr\u00e9tation de l&rsquo;Agence espagnole de protection des donn\u00e9es. Ces conditions de confidentialit\u00e9 peuvent \u00eatre compl\u00e9t\u00e9es par l&rsquo;avis juridique, la politique en mati\u00e8re de cookies et les conditions g\u00e9n\u00e9rales qui, le cas \u00e9ch\u00e9ant, sont collect\u00e9es pour certains produits ou services, si cet acc\u00e8s implique une quelconque sp\u00e9cialit\u00e9 dans la protection des donn\u00e9es \u00e0 caract\u00e8re personnel.<br \/><strong>2. <\/Le traitement que nous effectuons de vos donn\u00e9es personnelles r\u00e9pond aux objectifs suivants : <br \/>&#8211; vous fournir des informations relatives aux services contract\u00e9s et \u00e0 d&rsquo;autres questions que nous consid\u00e9rons comme \u00e9tant de votre int\u00e9r\u00eat, et vous pouvez les recevoir par diff\u00e9rents moyens, notamment par t\u00e9l\u00e9phone et par courrier \u00e9lectronique.<br \/>strong>2.1 Combien de temps conserverons-nous vos donn\u00e9es ? <\/strong><br \/>Nous conserverons vos donn\u00e9es personnelles \u00e0 partir du moment o\u00f9 vous nous donnez votre consentement jusqu&rsquo;\u00e0 ce que vous le r\u00e9voquiez ou demandiez une limitation du traitement. Dans ce cas, nous conserverons vos donn\u00e9es bloqu\u00e9es pendant les p\u00e9riodes l\u00e9galement requises. <br \/><strong>3. L\u00e9gitimation et donn\u00e9es collect\u00e9es<\/strong><br \/>La l\u00e9gitimation du traitement de vos donn\u00e9es est le consentement de l&rsquo;int\u00e9ress\u00e9 au moment o\u00f9 il nous fournit les informations. <br \/><strong>3.1 Consentement au traitement de vos donn\u00e9es<\/strong>br \/>En remplissant les formulaires, en cochant la case \u00ab\u00a0J&rsquo;accepte la politique de confidentialit\u00e9\u00a0\u00bb et en cliquant pour envoyer les donn\u00e9es, ou en envoyant des courriers \u00e9lectroniques \u00e0 la soci\u00e9t\u00e9 par le biais des comptes habilit\u00e9s \u00e0 cet effet, l&rsquo;utilisateur d\u00e9clare avoir lu et accept\u00e9 express\u00e9ment la pr\u00e9sente politique de confidentialit\u00e9, et donne son consentement explicite et sans \u00e9quivoque au traitement de ses donn\u00e9es personnelles conform\u00e9ment aux finalit\u00e9s indiqu\u00e9es. <br \/>Selon les finalit\u00e9s indiqu\u00e9es au point 2, les cat\u00e9gories de donn\u00e9es qui seront trait\u00e9es sont les suivantes : &#8211; Donn\u00e9es d&rsquo;identification : nom et pr\u00e9nom, adresse \u00e9lectronique, t\u00e9l\u00e9phone et adresse. <br \/><strong>4. Mesures de s\u00e9curit\u00e9<\/strong><br \/>Dans le cadre de notre engagement \u00e0 garantir la s\u00e9curit\u00e9 et la confidentialit\u00e9 de vos donn\u00e9es personnelles, nous vous informons que les mesures techniques et organisationnelles n\u00e9cessaires ont \u00e9t\u00e9 adopt\u00e9es pour garantir la s\u00e9curit\u00e9 des donn\u00e9es personnelles et pour \u00e9viter leur alt\u00e9ration, perte, traitement ou acc\u00e8s non autoris\u00e9, en tenant compte de l&rsquo;\u00e9tat de la technologie, de la nature des donn\u00e9es stock\u00e9es et des risques auxquels elles sont expos\u00e9es. Toutefois, l&rsquo;utilisateur doit \u00eatre conscient que les mesures de s\u00e9curit\u00e9 sur Internet ne sont pas inexpugnables. Vous pouvez obtenir de plus amples informations sur les mesures de s\u00e9curit\u00e9 que nous appliquons en contactant notre coordinateur de la protection des donn\u00e9es dans les canaux indiqu\u00e9s au d\u00e9but de la pr\u00e9sente politique de confidentialit\u00e9 dans la section identifiant la personne responsable du traitement.<br \/><strong>5. Droits de l&rsquo;utilisateur.<\/strong><br \/>L&rsquo;utilisateur a les droits suivants concernant le traitement de ses donn\u00e9es personnelles:<br \/>&#8211; Droit de demander l&rsquo;acc\u00e8s \u00e0 ses donn\u00e9es personnelles.<br \/>&#8211; Droit de demander leur rectification si elles sont inexactes, ou de demander leur suppression (par exemple, s&rsquo;il estime qu&rsquo;elles ne sont plus n\u00e9cessaires aux fins pour lesquelles elles ont \u00e9t\u00e9 collect\u00e9es). <br \/>&#8211; Droit de demander la limitation du traitement, \u00e0 condition que l&rsquo;une des conditions \u00e9nonc\u00e9es dans la r\u00e9glementation soit remplie, auquel cas nous les conserverons uniquement pour l&rsquo;exercice ou la d\u00e9fense de revendications.<br \/>&#8211; Droit de s&rsquo;opposer au traitement, auquel cas nous cesserons de traiter vos donn\u00e9es, sauf pour des raisons l\u00e9gitimes imp\u00e9rieuses, ou pour l&rsquo;exercice ou la d\u00e9fense de toute revendication.<br \/>&#8211; Droit \u00e0 la portabilit\u00e9 des donn\u00e9es. <br \/>&#8211; Droit de d\u00e9poser une plainte aupr\u00e8s de l&rsquo;Agence espagnole de protection des donn\u00e9es (autorit\u00e9 de contr\u00f4le de la protection des donn\u00e9es comp\u00e9tente), en particulier lorsque vous n&rsquo;avez pas obtenu satisfaction dans l&rsquo;exercice de vos droits : https:\/\/www.aepd.es\/agencia\/en-que-podemos-ayudarte.html#section1<br \/><strong>5.1 Comment exercer mes droits?<\/strong><br \/>Vous pouvez exercer vos droits ou obtenir de plus amples informations \u00e0 leur sujet en contactant notre coordinateur de la protection des donn\u00e9es par les canaux indiqu\u00e9s au d\u00e9but de la pr\u00e9sente politique de confidentialit\u00e9 dans la section identifiant le contr\u00f4leur des donn\u00e9es. <br \/> De m\u00eame, et conform\u00e9ment aux dispositions de la loi 34\/2002 du 11 juillet, sur les services de la soci\u00e9t\u00e9 de l&rsquo;information et du commerce \u00e9lectronique, au cas o\u00f9 vous ne souhaiteriez pas recevoir de communications \u00e9lectroniques commerciales \u00e0 l&rsquo;avenir, vous pouvez exprimer ce souhait en envoyant un courrier \u00e9lectronique \u00e0 notre coordinateur de la protection des donn\u00e9es. <br \/><strong>6. R\u00e9seaux sociaux<\/strong><br \/>Les profils dans les r\u00e9seaux sociaux dont dispose la soci\u00e9t\u00e9 n&rsquo;impliqueront pas de traitement de donn\u00e9es au-del\u00e0 de ce que le r\u00e9seau social lui-m\u00eame permet pour les profils d&rsquo;entreprise. L&rsquo;entreprise peut utiliser ces profils pour informer les utilisateurs de chaque r\u00e9seau social qui s&rsquo;abonnent au profil de l&rsquo;entreprise sur ses activit\u00e9s, \u00e9v\u00e9nements, s\u00e9minaires, offres, promotions ou nouveaux produits ou services, ainsi que pour partager des informations d&rsquo;int\u00e9r\u00eat sur les sujets habituels de l&rsquo;entreprise. La soci\u00e9t\u00e9 n&rsquo;extraira aucune donn\u00e9e directement du r\u00e9seau social.<\/p>\n\t\t\t\t\t\t\t\t<\/div>\n\t\t\t\t<\/div>\n\t\t\t\t\t<\/div>\n\t\t<\/div>\n\t\t\t\t\t<\/div>\n\t\t<\/section>\n\t\t\t\t<\/div>\n\t\t","protected":false},"excerpt":{"rendered":"<p>POLITIQUE DE CONFIDENTIALIT\u00c9 Donn\u00e9es du responsable du traitementNom de l&rsquo;entreprise : FUNDICIONES JULCAR, S.L.CIF : B09313578Adresse : Calle Valle de Mena 21 09001 BURGOST\u00e9l\u00e9phone : 947 29 80 87Email de notre coordinateur de la protection des donn\u00e9es : herrajes@julcar.comstrong>1. 1 R\u00e9glementations applicablesNotre politique de confidentialit\u00e9 a \u00e9t\u00e9 con\u00e7ue conform\u00e9ment au R\u00e8glement g\u00e9n\u00e9ral sur la protection [&hellip;]<\/p>\n","protected":false},"author":1,"featured_media":0,"parent":0,"menu_order":0,"comment_status":"closed","ping_status":"closed","template":"","meta":{"_seopress_robots_primary_cat":"","_seopress_titles_title":"","_seopress_titles_desc":"","_seopress_robots_index":"","site-sidebar-layout":"no-sidebar","site-content-layout":"page-builder","ast-site-content-layout":"default","site-content-style":"default","site-sidebar-style":"default","ast-global-header-display":"","ast-banner-title-visibility":"","ast-main-header-display":"","ast-hfb-above-header-display":"","ast-hfb-below-header-display":"","ast-hfb-mobile-header-display":"","site-post-title":"disabled","ast-breadcrumbs-content":"","ast-featured-img":"disabled","footer-sml-layout":"","ast-disable-related-posts":"","theme-transparent-header-meta":"default","adv-header-id-meta":"","stick-header-meta":"","header-above-stick-meta":"","header-main-stick-meta":"","header-below-stick-meta":"","astra-migrate-meta-layouts":"default","ast-page-background-enabled":"default","ast-page-background-meta":{"desktop":{"background-color":"","background-image":"","background-repeat":"repeat","background-position":"center center","background-size":"auto","background-attachment":"scroll","background-type":"","background-media":"","overlay-type":"","overlay-color":"","overlay-opacity":"","overlay-gradient":""},"tablet":{"background-color":"","background-image":"","background-repeat":"repeat","background-position":"center center","background-size":"auto","background-attachment":"scroll","background-type":"","background-media":"","overlay-type":"","overlay-color":"","overlay-opacity":"","overlay-gradient":""},"mobile":{"background-color":"","background-image":"","background-repeat":"repeat","background-position":"center center","background-size":"auto","background-attachment":"scroll","background-type":"","background-media":"","overlay-type":"","overlay-color":"","overlay-opacity":"","overlay-gradient":""}},"ast-content-background-meta":{"desktop":{"background-color":"var(--ast-global-color-5)","background-image":"","background-repeat":"repeat","background-position":"center center","background-size":"auto","background-attachment":"scroll","background-type":"","background-media":"","overlay-type":"","overlay-color":"","overlay-opacity":"","overlay-gradient":""},"tablet":{"background-color":"var(--ast-global-color-5)","background-image":"","background-repeat":"repeat","background-position":"center center","background-size":"auto","background-attachment":"scroll","background-type":"","background-media":"","overlay-type":"","overlay-color":"","overlay-opacity":"","overlay-gradient":""},"mobile":{"background-color":"var(--ast-global-color-5)","background-image":"","background-repeat":"repeat","background-position":"center center","background-size":"auto","background-attachment":"scroll","background-type":"","background-media":"","overlay-type":"","overlay-color":"","overlay-opacity":"","overlay-gradient":""}},"footnotes":""},"class_list":["post-1577","page","type-page","status-publish","hentry"],"_links":{"self":[{"href":"https:\/\/www.julcarherrajes.com\/fr\/wp-json\/wp\/v2\/pages\/1577","targetHints":{"allow":["GET"]}}],"collection":[{"href":"https:\/\/www.julcarherrajes.com\/fr\/wp-json\/wp\/v2\/pages"}],"about":[{"href":"https:\/\/www.julcarherrajes.com\/fr\/wp-json\/wp\/v2\/types\/page"}],"author":[{"embeddable":true,"href":"https:\/\/www.julcarherrajes.com\/fr\/wp-json\/wp\/v2\/users\/1"}],"replies":[{"embeddable":true,"href":"https:\/\/www.julcarherrajes.com\/fr\/wp-json\/wp\/v2\/comments?post=1577"}],"version-history":[{"count":6,"href":"https:\/\/www.julcarherrajes.com\/fr\/wp-json\/wp\/v2\/pages\/1577\/revisions"}],"predecessor-version":[{"id":1784,"href":"https:\/\/www.julcarherrajes.com\/fr\/wp-json\/wp\/v2\/pages\/1577\/revisions\/1784"}],"wp:attachment":[{"href":"https:\/\/www.julcarherrajes.com\/fr\/wp-json\/wp\/v2\/media?parent=1577"}],"curies":[{"name":"wp","href":"https:\/\/api.w.org\/{rel}","templated":true}]}}